{"id":2507,"date":"2019-06-16T17:35:11","date_gmt":"2019-06-16T15:35:11","guid":{"rendered":"https:\/\/kv-wadelheim.de\/?page_id=2507"},"modified":"2019-06-18T21:49:08","modified_gmt":"2019-06-18T19:49:08","slug":"session-2007-2008-copy-copy-copy-copy-copy-copy-copy-copy-copy-copy-copy","status":"publish","type":"page","link":"https:\/\/kv-wadelheim.de\/?page_id=2507","title":{"rendered":"Session 2018\/2019"},"content":{"rendered":"\n\t\t\t\t<a href=\"https:\/\/kv-wadelheim.de\/?page_id=2631\" target=\"_self\" itemprop=\"url\" rel=\"noopener noreferrer\">\n\t\t\t\t<img fetchpriority=\"high\" decoding=\"async\" src=\"https:\/\/kv-wadelheim.de\/wp-content\/uploads\/2019\/06\/DSC_0451.jpg\" alt=\"DSC_0451\" itemprop=\"image\" height=\"332\" width=\"500\" title=\"DSC_0451\" onerror=\"this.style.display='none'\"  \/>\n\t\t\t\t<\/a>\n\t<p><strong>Sommerfest<\/strong><\/p>\n<p><em>15<\/em><em>. Juni 2019<\/em><\/p>\n\t\t\t\t<a href=\"https:\/\/photos.app.goo.gl\/WmtaybkzkxqkpShQA\" target=\"_blank\" rel=\"noopener noreferrer\"  itemprop=\"url\">\n\t\t\t\t<img decoding=\"async\" src=\"https:\/\/kv-wadelheim.de\/wp-content\/uploads\/2019\/06\/Deckblatt-zu-Besuch-bei-2019-240x300.jpg\" alt=\"Deckblatt zu Besuch bei 2019\" itemprop=\"image\" height=\"300\" width=\"240\" title=\"Deckblatt zu Besuch bei 2019\" onerror=\"this.style.display='none'\"  \/>\n\t\t\t\t<\/a>\n\t<p><strong>Zu Besuch bei &#8230;. 2018\/2019<\/strong><\/p>\n<p><em>fortlaufend<\/em><\/p>\n\t\t\t\t<a href=\"https:\/\/kv-wadelheim.de\/?page_id=2500\" target=\"_self\" itemprop=\"url\" rel=\"noopener noreferrer\">\n\t\t\t\t<img decoding=\"async\" src=\"https:\/\/kv-wadelheim.de\/wp-content\/uploads\/2019\/06\/IMG_1869.jpg\" alt=\"IMG_1869\" itemprop=\"image\" height=\"375\" width=\"500\" title=\"IMG_1869\" onerror=\"this.style.display='none'\"  \/>\n\t\t\t\t<\/a>\n\t<p><strong>Rosenmontagsumzug<\/strong><\/p>\n<p><em>4<\/em><em>. M\u00e4rz 2019<\/em><\/p>\n\t\t\t\t<a href=\"https:\/\/kv-wadelheim.de\/?page_id=2499\" target=\"_self\" itemprop=\"url\" rel=\"noopener noreferrer\">\n\t\t\t\t<img loading=\"lazy\" decoding=\"async\" src=\"https:\/\/kv-wadelheim.de\/wp-content\/uploads\/2019\/06\/DSC_0399.jpg\" alt=\"????????????????????????????????????\" itemprop=\"image\" height=\"332\" width=\"500\" title=\"DSC_0399\" onerror=\"this.style.display='none'\"  \/>\n\t\t\t\t<\/a>\n\t<strong>Lustiger Tanzabend<br \/>\n<\/strong>\n<em>2. M\u00e4rz 2019<br \/>\n<\/em>\n\t\t\t\t<a href=\"https:\/\/kv-wadelheim.de\/?page_id=2498\" target=\"_self\" itemprop=\"url\" rel=\"noopener noreferrer\">\n\t\t\t\t<img loading=\"lazy\" decoding=\"async\" src=\"https:\/\/kv-wadelheim.de\/wp-content\/uploads\/2019\/06\/DSC_0213.jpg\" alt=\"DSC_0213\" itemprop=\"image\" height=\"332\" width=\"500\" title=\"DSC_0213\" onerror=\"this.style.display='none'\"  \/>\n\t\t\t\t<\/a>\n\t<p><strong>Kinderkarneval<\/strong><\/p>\n<p><em>24. Februar 2019<\/em><\/p>\n\t\t\t\t<a href=\"https:\/\/kv-wadelheim.de\/?page_id=2496\" target=\"_self\" itemprop=\"url\" rel=\"noopener noreferrer\">\n\t\t\t\t<img loading=\"lazy\" decoding=\"async\" src=\"https:\/\/kv-wadelheim.de\/wp-content\/uploads\/2019\/06\/Wagenbau2019_130.jpg\" alt=\"????????????????????????????????????\" itemprop=\"image\" height=\"332\" width=\"500\" title=\"Wagenbau2019_130\" onerror=\"this.style.display='none'\"  \/>\n\t\t\t\t<\/a>\n\t<p><strong>Wagenbau<\/strong><\/p>\n<p><em>fortlaufend<\/em><\/p>\n\t\t\t\t<a href=\"https:\/\/kv-wadelheim.de\/?page_id=2495\" target=\"_self\" itemprop=\"url\" rel=\"noopener noreferrer\">\n\t\t\t\t<img loading=\"lazy\" decoding=\"async\" src=\"https:\/\/kv-wadelheim.de\/wp-content\/uploads\/2019\/06\/DSC_0185.jpg\" alt=\"????????????????????????????????????\" itemprop=\"image\" height=\"332\" width=\"500\" title=\"DSC_0185\" onerror=\"this.style.display='none'\"  \/>\n\t\t\t\t<\/a>\n\t<p><strong>Fr\u00fchschoppen<\/strong><\/p>\n<em>13. Januar 2019<br \/>\n<\/em>\n\t\t\t\t<a href=\"https:\/\/kv-wadelheim.de\/?page_id=2494\" target=\"_self\" itemprop=\"url\" rel=\"noopener noreferrer\">\n\t\t\t\t<img loading=\"lazy\" decoding=\"async\" src=\"https:\/\/kv-wadelheim.de\/wp-content\/uploads\/2019\/06\/Proklamation2019_033.jpg\" alt=\"Proklamation2019_033\" itemprop=\"image\" height=\"332\" width=\"500\" title=\"Proklamation2019_033\" onerror=\"this.style.display='none'\"  \/>\n\t\t\t\t<\/a>\n\t<strong>Karnevalssitzung<br \/>\n<\/strong>\n<em>12. Januar 2019<br \/>\n<\/em>\n","protected":false},"excerpt":{"rendered":"<p>Sommerfest 15. Juni 2019 Zu Besuch bei &#8230;. 2018\/2019 fortlaufend Rosenmontagsumzug 4. M\u00e4rz 2019 Lustiger Tanzabend 2. M\u00e4rz 2019 Kinderkarneval 24. Februar 2019 Wagenbau fortlaufend Fr\u00fchschoppen 13. Januar 2019 Karnevalssitzung 12. Januar 2019<\/p>\n","protected":false},"author":1,"featured_media":0,"parent":0,"menu_order":0,"comment_status":"closed","ping_status":"closed","template":"","meta":{"ngg_post_thumbnail":0,"footnotes":""},"class_list":["post-2507","page","type-page","status-publish","hentry"],"_links":{"self":[{"href":"https:\/\/kv-wadelheim.de\/index.php?rest_route=\/wp\/v2\/pages\/2507","targetHints":{"allow":["GET"]}}],"collection":[{"href":"https:\/\/kv-wadelheim.de\/index.php?rest_route=\/wp\/v2\/pages"}],"about":[{"href":"https:\/\/kv-wadelheim.de\/index.php?rest_route=\/wp\/v2\/types\/page"}],"author":[{"embeddable":true,"href":"https:\/\/kv-wadelheim.de\/index.php?rest_route=\/wp\/v2\/users\/1"}],"replies":[{"embeddable":true,"href":"https:\/\/kv-wadelheim.de\/index.php?rest_route=%2Fwp%2Fv2%2Fcomments&post=2507"}],"version-history":[{"count":6,"href":"https:\/\/kv-wadelheim.de\/index.php?rest_route=\/wp\/v2\/pages\/2507\/revisions"}],"predecessor-version":[{"id":2637,"href":"https:\/\/kv-wadelheim.de\/index.php?rest_route=\/wp\/v2\/pages\/2507\/revisions\/2637"}],"wp:attachment":[{"href":"https:\/\/kv-wadelheim.de\/index.php?rest_route=%2Fwp%2Fv2%2Fmedia&parent=2507"}],"curies":[{"name":"wp","href":"https:\/\/api.w.org\/{rel}","templated":true}]}}